{"id":111,"date":"2024-09-25T10:17:58","date_gmt":"2024-09-25T10:17:58","guid":{"rendered":"https:\/\/ulenspiegel-sourbrodt.com\/?page_id=111"},"modified":"2025-05-26T07:35:23","modified_gmt":"2025-05-26T07:35:23","slug":"history-sourbrodt","status":"publish","type":"page","link":"https:\/\/ulenspiegel-sourbrodt.com\/de\/history-sourbrodt\/","title":{"rendered":"Geschichte Sourbrodt"},"content":{"rendered":"\n<p>Sourbrodt ist ein kleines Dorf in der Gemeinde Waimes, die in der belgischen Provinz L\u00fcttich liegt. Das Dorf hat eine reiche Geschichte und ist vor allem f\u00fcr seine Lage an der Vennbahn bekannt, einer ehemaligen Eisenbahnlinie, die heute als Rad- und Wanderweg dient.<\/p>\n\n\n<div class=\"wp-block-image\">\n<figure class=\"alignright size-full is-resized\"><a href=\"https:\/\/ulenspiegel-sourbrodt.com\/wp-content\/uploads\/2024\/10\/Kaartje.jpg\" target=\"_blank\" rel=\"noreferrer noopener\"><img loading=\"lazy\" decoding=\"async\" width=\"1261\" height=\"882\" src=\"https:\/\/ulenspiegel-sourbrodt.com\/wp-content\/uploads\/2024\/10\/Kaartje.jpg\" alt=\"\" class=\"wp-image-423\" style=\"width:314px;height:auto\" srcset=\"https:\/\/ulenspiegel-sourbrodt.com\/wp-content\/uploads\/2024\/10\/Kaartje.jpg 1261w, https:\/\/ulenspiegel-sourbrodt.com\/wp-content\/uploads\/2024\/10\/Kaartje-600x420.jpg 600w, https:\/\/ulenspiegel-sourbrodt.com\/wp-content\/uploads\/2024\/10\/Kaartje-768x537.jpg 768w\" sizes=\"auto, (max-width: 1261px) 100vw, 1261px\" \/><\/a><\/figure>\n<\/div>\n\n\n<p><strong>Gr\u00fcndung<\/strong>: Um 1534 gr\u00fcndete Johan Sourbroidt (oder Sourbroit) ein Gasthaus am Rande des Averscheider Waldes, an der wichtigen Handelsstra\u00dfe zwischen Limburg und Luxemburg, der Via Mansuerisca, auf dem Gebiet des Herzogtums Luxemburg, aber betrieben von den Herren von Robertville (die vom F\u00fcrstentum Stavelot-Malmedy abh\u00e4ngig waren). Dieses Gasthaus wurde bald sehr beliebt und bildete die Grundlage f\u00fcr die Entwicklung des Dorfes.<\/p>\n\n\n\n<p>Um das Gasthaus herum wurden eine dichte Hecke und ein Erdwall errichtet, so dass das Gel\u00e4nde zum Privatbesitz wurde. Dies f\u00fchrte zu Konflikten mit den Bewohnern des nahe gelegenen Robertville, die das Gebiet zuvor als Weideland genutzt hatten. So entstand ein Dorf, das 222 Jahre lang im Konflikt mit seinem Nachbarn stand!<\/p>\n\n\n\n<p><strong>Kommunalisierung<\/strong>: Mit dem Anwachsen der Bev\u00f6lkerung rund um das Gasthaus und der Ansiedlung weiterer Einwohner wurde Sourbrodt 1566 offiziell als eigenst\u00e4ndige Gemeinde anerkannt. Dies war ein wichtiger Schritt in der Entwicklung des Dorfes, das nun nicht mehr nur vom Gasthaus abh\u00e4ngig war, sondern auch seine eigene Identit\u00e4t und Verwaltung zu entwickeln begann. Der Name \u201eSourbrot\u201c erschien auf den Wegweisern entlang der Handelsstra\u00dfe und best\u00e4tigte die Anerkennung des Dorfes.<\/p>\n\n\n\n<p>Im Jahr 1756 grenzte Marie-Th\u00e9r\u00e8se (von \u00d6sterreich) ihre jeweiligen Gebiete ab: Sourbrodt konnte weiterhin Torf auf dem Land abbauen!<\/p>\n\n\n<div class=\"wp-block-image\">\n<figure class=\"alignright size-large is-resized\"><a href=\"https:\/\/ulenspiegel-sourbrodt.com\/wp-content\/uploads\/2024\/10\/vlondersourbrodt.webp\" target=\"_blank\" rel=\"noreferrer noopener\"><img loading=\"lazy\" decoding=\"async\" width=\"1500\" height=\"2000\" src=\"https:\/\/ulenspiegel-sourbrodt.com\/wp-content\/uploads\/2024\/10\/vlondersourbrodt-1500x2000.webp\" alt=\"\" class=\"wp-image-435\" style=\"width:199px;height:auto\" srcset=\"https:\/\/ulenspiegel-sourbrodt.com\/wp-content\/uploads\/2024\/10\/vlondersourbrodt-1500x2000.webp 1500w, https:\/\/ulenspiegel-sourbrodt.com\/wp-content\/uploads\/2024\/10\/vlondersourbrodt-450x600.webp 450w, https:\/\/ulenspiegel-sourbrodt.com\/wp-content\/uploads\/2024\/10\/vlondersourbrodt-768x1024.webp 768w, https:\/\/ulenspiegel-sourbrodt.com\/wp-content\/uploads\/2024\/10\/vlondersourbrodt-1152x1536.webp 1152w, https:\/\/ulenspiegel-sourbrodt.com\/wp-content\/uploads\/2024\/10\/vlondersourbrodt.webp 1536w\" sizes=\"auto, (max-width: 1500px) 100vw, 1500px\" \/><\/a><\/figure>\n<\/div>\n\n\n<p><strong>Wechselnde Herrschaft<\/strong>: Die 670 in einer Urkunde des fr\u00e4nkischen K\u00f6nigs Childerich II. erw\u00e4hnte Via Mansuerisca, die auf einem auf dem Moor ruhenden Bohlenstege errichtet wurde, bildete mehr als 1.000 Jahre lang die Grenze zwischen dem Abteif\u00fcrstentum Stavelot-Malmedy (zu dem Waimes und seine Weiler sowie Robertville und Ovifat geh\u00f6rten) und dem Herzogtum Luxemburg im Osten mit Faymonville und Sourbrodt.<\/p>\n\n\n\n<p>Sp\u00e4ter kam das Herzogtum in den Besitz der Habsburger, dann der Spanier und schlie\u00dflich der \u00d6sterreicher. Der franz\u00f6sische Feldzug in den Niederlanden f\u00fchrte zur Besetzung der \u00f6sterreichischen Niederlande und des Landes L\u00fcttich im Jahr 1794.<\/p>\n\n\n\n<p>Nach dem Sturz Napoleons im Jahr 1815 beschloss der Wiener Kongress (1815), dass das gesamte Gebiet in preu\u00dfischen Besitz \u00fcbergeht. Die belgische Revolution von 1830 brachte keine \u00c4nderung: Wie die deutschsprachigen Gemeinden blieb auch Waimes (wie Malmedy) preu\u00dfisch. Bis 1920 geh\u00f6rte Sourbrodt zum Regierungsbezirk Aachen, Kreis Malmedy in der Rheinprovinz.<\/p>\n\n\n\n<p><strong>Die Vennbahn<\/strong> wurde 1882 vom preu\u00dfischen Staat gebaut, um die Region besser in den neuen deutschen Einheitsstaat einzugliedern und um Eisenerz und Kohle aus den Aachener Bergwerken m\u00f6glichst schnell und einfach nach Luxemburg zu transportieren. Im Jahr 1893 plante die preu\u00dfische Milit\u00e4rverwaltung die Einrichtung des Truppen\u00fcbungsplatzes Elsenborn. Der \u201eBahnhof Sourbrodt\u201c wurde zur Verladestation f\u00fcr die auf dem Gel\u00e4nde \u00fcbenden Einheiten.<\/p>\n\n\n<div class=\"wp-block-image\">\n<figure class=\"alignleft size-full is-resized\"><a href=\"https:\/\/ulenspiegel-sourbrodt.com\/wp-content\/uploads\/2024\/10\/pk13.jpg\" target=\"_blank\" rel=\"noreferrer noopener\"><img loading=\"lazy\" decoding=\"async\" width=\"1623\" height=\"1055\" src=\"https:\/\/ulenspiegel-sourbrodt.com\/wp-content\/uploads\/2024\/10\/pk13.jpg\" alt=\"\" class=\"wp-image-439\" style=\"width:371px;height:auto\" srcset=\"https:\/\/ulenspiegel-sourbrodt.com\/wp-content\/uploads\/2024\/10\/pk13.jpg 1623w, https:\/\/ulenspiegel-sourbrodt.com\/wp-content\/uploads\/2024\/10\/pk13-600x390.jpg 600w, https:\/\/ulenspiegel-sourbrodt.com\/wp-content\/uploads\/2024\/10\/pk13-768x499.jpg 768w, https:\/\/ulenspiegel-sourbrodt.com\/wp-content\/uploads\/2024\/10\/pk13-1536x998.jpg 1536w\" sizes=\"auto, (max-width: 1623px) 100vw, 1623px\" \/><\/a><\/figure>\n<\/div>\n\n\n<p>Bei der Er\u00f6ffnung der Strecke Malmedy-Monschau war der Weiler Sourbrodt nicht mehr als eine Haltestelle, die etwa einen Kilometer von den ersten H\u00e4usern entfernt lag. Dies sollte sich jedoch \u00e4ndern. 1889, vier Jahre nach der Einfahrt des ersten Vennbahnzuges in Sourbrodt, erhielt Sourbrodt einen Bahnhof. Dieses Bahnhofsgeb\u00e4ude sollte ein Vorzeigeobjekt der damaligen Zeit werden.<\/p>\n\n\n<div class=\"wp-block-image\">\n<figure class=\"alignright size-full is-resized\"><a href=\"https:\/\/ulenspiegel-sourbrodt.com\/wp-content\/uploads\/2024\/10\/carte10.jpg\" target=\"_blank\" rel=\"noreferrer noopener\"><img loading=\"lazy\" decoding=\"async\" width=\"1664\" height=\"1063\" src=\"https:\/\/ulenspiegel-sourbrodt.com\/wp-content\/uploads\/2024\/10\/carte10.jpg\" alt=\"\" class=\"wp-image-453\" style=\"width:372px;height:auto\" srcset=\"https:\/\/ulenspiegel-sourbrodt.com\/wp-content\/uploads\/2024\/10\/carte10.jpg 1664w, https:\/\/ulenspiegel-sourbrodt.com\/wp-content\/uploads\/2024\/10\/carte10-600x383.jpg 600w, https:\/\/ulenspiegel-sourbrodt.com\/wp-content\/uploads\/2024\/10\/carte10-768x491.jpg 768w, https:\/\/ulenspiegel-sourbrodt.com\/wp-content\/uploads\/2024\/10\/carte10-1536x981.jpg 1536w\" sizes=\"auto, (max-width: 1664px) 100vw, 1664px\" \/><\/a><\/figure>\n<\/div>\n\n\n<p>Nach und nach siedelten sich viele Industrieunternehmen an. Die Bev\u00f6lkerung im ehemals abgelegenen Sourbrodt wuchs schnell. Auch die Zahl der Gasth\u00e4user nahm allm\u00e4hlich zu (siehe die Geschichte unseres Hotels). Die Soldaten aus dem Lager Elsenborn kamen mit dem \u201eFeurige Elias\u201c zum Ausr\u00fccken nach Sourbrodt. Dieser Nachbarschaftszug diente haupts\u00e4chlich dem Transport von Hafer, Gerste und Stroh f\u00fcr die Pferde, hatte aber auch Personenwagen. In der Bl\u00fctezeit gab es in Sourbrodt mehr als 20 Gastwirtschaftsbetriebe.<\/p>\n\n\n\n<p><strong>Weltkriege<\/strong>: W\u00e4hrend des Ersten Weltkriegs k\u00e4mpften Soldaten aus der Region unter dem Kommando des deutschen Kaisers Wilhelm II. sowohl an der Westfront gegen Frankreich und Belgien als auch an der Ostfront gegen das Russische Reich. W\u00e4hrend des Ersten Weltkriegs bildete die Vennbahn eine wichtige Versorgungslinie f\u00fcr deutsche Soldaten und Kriegsmaterial an die Front.<\/p>\n\n\n\n<p>Im Jahr 1919 erhielt Belgien im Rahmen des Versailler Vertrags als Entsch\u00e4digung f\u00fcr die im Ersten Weltkrieg erlittenen Sch\u00e4den den ehemaligen Bezirk Eupen &#8211; Malmedy, die so genannten Ostkantone und die Vennbahn (ebenfalls auf deutschem Gebiet). Damit fiel fast das gesamte Venn an Belgien, dessen h\u00f6chster Punkt, der Baraque Michel (672 m), um 3 km nach S\u00fcdosten nach Botrange (694 m) verlegt wurde.<\/p>\n\n\n\n<p>Dies hatte zur Folge, dass einige Teile Deutschlands entlang der neuen Grenze von belgischem Territorium eingeschlossen wurden. Sie wurden zu deutschen Enklaven (oder Exklaven, je nachdem, wie man es betrachtet) in Belgien.<\/p>\n\n\n\n<p>Am 18. Mai 1940, noch vor der Kapitulation Belgiens, gliederte Hitler die Ostkantone dem Dritten Reich an, ohne dass die belgische Regierung darauf reagierte. Am 21. September 1941 wurde der Bev\u00f6lkerung die deutsche Staatsangeh\u00f6rigkeit auferlegt, was dazu f\u00fchrte, dass M\u00e4nner ab 18 Jahren zur Wehrmacht eingezogen wurden (insgesamt 8.000, von denen die meisten an die Ostfront geschickt wurden und 3.200 nicht zur\u00fcckkehrten).<\/p>\n\n\n<div class=\"wp-block-image\">\n<figure class=\"alignleft size-full is-resized\"><a href=\"https:\/\/ulenspiegel-sourbrodt.com\/wp-content\/uploads\/2024\/10\/rk.jpg\" target=\"_blank\" rel=\"noreferrer noopener\"><img loading=\"lazy\" decoding=\"async\" width=\"500\" height=\"667\" src=\"https:\/\/ulenspiegel-sourbrodt.com\/wp-content\/uploads\/2024\/10\/rk.jpg\" alt=\"\" class=\"wp-image-445\" style=\"width:188px;height:auto\" srcset=\"https:\/\/ulenspiegel-sourbrodt.com\/wp-content\/uploads\/2024\/10\/rk.jpg 500w, https:\/\/ulenspiegel-sourbrodt.com\/wp-content\/uploads\/2024\/10\/rk-450x600.jpg 450w\" sizes=\"auto, (max-width: 500px) 100vw, 500px\" \/><\/a><\/figure>\n<\/div>\n\n\n<p>Am Eingang zum Venn, in Sourbrodt, wurde 1943 von der Wehrmacht ein Lager f\u00fcr die gefangenen Soldaten der Roten Armee eingerichtet. Dieses Lager ist durch das an dieser Stelle errichtete Russenkreuz gekennzeichnet.<\/p>\n\n\n\n<p>Nach dem Zweiten Weltkrieg gab es eine heftige Debatte \u00fcber den Status der Ostkantone, die w\u00e4hrend des Krieges von Nazi-Deutschland annektiert worden waren. Diese Gebiete, bestehend aus Eupen, Malmedy und Sankt-Vith, waren urspr\u00fcnglich 1920 nach dem Ersten Weltkrieg an Belgien \u00fcbertragen worden. Die Annexion durch Deutschland im Jahr 1940 wurde von Belgien nicht anerkannt und als illegal betrachtet.<\/p>\n\n\n\n<p>Nach dem Krieg argumentierte die belgische Regierung, dass die Annexion keine Rechtsgrundlage hatte, da sie nie vom belgischen Parlament genehmigt worden war. Dies bedeutete, dass die Bewohner der Ostkantone rechtlich gesehen Belgier geblieben waren, obwohl sie am 23. September 1941 die deutsche Staatsb\u00fcrgerschaft erhalten hatten. Dies erm\u00f6glichte es den belgischen Beh\u00f6rden, gegen Kollaborateure in dieser Region gerichtlich vorzugehen, was zu einer erheblichen Zunahme von Gerichtsverfahren und Verurteilungen f\u00fchrte. 1945 wurden die Bewohner der Ostkantone vom belgischen Staat, der keinen Unterschied zwischen den besetzten und den annektierten Gebieten machte, generell wegen inzivilem Verhalten verfolgt (es wurden mehr als 15.000 Verfahren er\u00f6ffnet). Die meisten Verfahren wurden schlie\u00dflich eingestellt.<\/p>\n\n\n<div class=\"wp-block-image\">\n<figure class=\"alignleft size-full is-resized\"><a href=\"https:\/\/ulenspiegel-sourbrodt.com\/wp-content\/uploads\/2024\/10\/enclaves.jpg\" target=\"_blank\" rel=\"noreferrer noopener\"><img loading=\"lazy\" decoding=\"async\" width=\"1280\" height=\"683\" src=\"https:\/\/ulenspiegel-sourbrodt.com\/wp-content\/uploads\/2024\/10\/enclaves.jpg\" alt=\"\" class=\"wp-image-455\" style=\"width:266px;height:auto\" srcset=\"https:\/\/ulenspiegel-sourbrodt.com\/wp-content\/uploads\/2024\/10\/enclaves.jpg 1280w, https:\/\/ulenspiegel-sourbrodt.com\/wp-content\/uploads\/2024\/10\/enclaves-600x320.jpg 600w, https:\/\/ulenspiegel-sourbrodt.com\/wp-content\/uploads\/2024\/10\/enclaves-768x410.jpg 768w\" sizes=\"auto, (max-width: 1280px) 100vw, 1280px\" \/><\/a><\/figure>\n<\/div>\n\n\n<p><\/p>\n\n\n\n<p>Offiziell sind f\u00fcnf deutsche Gebiete noch immer durch das belgische Eisenbahnbett vom \u00fcbrigen Deutschland abgeschnitten.<\/p>\n\n\n\n<p><\/p>\n\n\n\n<p><small>Links: Die rote Linie zeigt den belgischen Abschnitt des Vehnbanns in Deutschland. Rechts: die von den Vennbahn-Enklaven in Belgien gebildeten Abschnitte auf deutschem Gebiet.<\/small><\/p>\n\n\n\n<p><\/p>\n","protected":false},"excerpt":{"rendered":"<p>Sourbrodt ist ein kleines Dorf in der Gemeinde Waimes, die in der belgischen Provinz L\u00fcttich liegt. Das Dorf hat eine reiche Geschichte und ist vor allem f\u00fcr seine Lage an der Vennbahn bekannt, einer ehemaligen Eisenbahnlinie, die heute als Rad- und Wanderweg dient. Gr\u00fcndung: Um 1534 gr\u00fcndete Johan Sourbroidt (oder<a class=\"read-more\" href=\"https:\/\/ulenspiegel-sourbrodt.com\/de\/history-sourbrodt\/\"> ( more&#8230; )<\/a><\/p>\n","protected":false},"author":1,"featured_media":0,"parent":0,"menu_order":0,"comment_status":"closed","ping_status":"closed","template":"","meta":{"_uag_custom_page_level_css":"","advgb_blocks_editor_width":"","advgb_blocks_columns_visual_guide":"","footnotes":""},"class_list":["post-111","page","type-page","status-publish","hentry"],"translation":{"provider":"WPGlobus","version":"3.0.2","language":"de","enabled_languages":["nl","fr","de"],"languages":{"nl":{"title":true,"content":true,"excerpt":false},"fr":{"title":true,"content":true,"excerpt":false},"de":{"title":true,"content":true,"excerpt":false}}},"uagb_featured_image_src":{"full":false,"thumbnail":false,"medium":false,"medium_large":false,"large":false,"1536x1536":false,"2048x2048":false,"backdrop-small-thumbnails":false,"backdrop-medium-thumbnails":false,"backdrop-large-thumbnails":false},"uagb_author_info":{"display_name":"pieter93","author_link":"https:\/\/ulenspiegel-sourbrodt.com\/de\/author\/pieter93\/"},"uagb_comment_info":0,"uagb_excerpt":"Sourbrodt ist ein kleines Dorf in der Gemeinde Waimes, die in der belgischen Provinz L\u00fcttich liegt. Das Dorf hat eine reiche Geschichte und ist vor allem f\u00fcr seine Lage an der Vennbahn bekannt, einer ehemaligen Eisenbahnlinie, die heute als Rad- und Wanderweg dient. Gr\u00fcndung: Um 1534 gr\u00fcndete Johan Sourbroidt (oder ( more... )","coauthors":[],"author_meta":{"author_link":"https:\/\/ulenspiegel-sourbrodt.com\/de\/author\/pieter93\/","display_name":"pieter93"},"relative_dates":{"created":"Ver\u00f6ffentlicht 2 years vor","modified":"Aktualisiert 11 months vor"},"absolute_dates":{"created":"Ver\u00f6ffentlicht am 25 September 2024","modified":"Aktualisiert am 26 May 2025"},"absolute_dates_time":{"created":"Ver\u00f6ffentlicht am 25 September 2024 10:17","modified":"Aktualisiert am 26 May 2025 07:35"},"featured_img_caption":"","featured_img":false,"series_order":"","_links":{"self":[{"href":"https:\/\/ulenspiegel-sourbrodt.com\/de\/wp-json\/wp\/v2\/pages\/111","targetHints":{"allow":["GET"]}}],"collection":[{"href":"https:\/\/ulenspiegel-sourbrodt.com\/de\/wp-json\/wp\/v2\/pages"}],"about":[{"href":"https:\/\/ulenspiegel-sourbrodt.com\/de\/wp-json\/wp\/v2\/types\/page"}],"author":[{"embeddable":true,"href":"https:\/\/ulenspiegel-sourbrodt.com\/de\/wp-json\/wp\/v2\/users\/1"}],"replies":[{"embeddable":true,"href":"https:\/\/ulenspiegel-sourbrodt.com\/de\/wp-json\/wp\/v2\/comments?post=111"}],"version-history":[{"count":57,"href":"https:\/\/ulenspiegel-sourbrodt.com\/de\/wp-json\/wp\/v2\/pages\/111\/revisions"}],"predecessor-version":[{"id":1401,"href":"https:\/\/ulenspiegel-sourbrodt.com\/de\/wp-json\/wp\/v2\/pages\/111\/revisions\/1401"}],"wp:attachment":[{"href":"https:\/\/ulenspiegel-sourbrodt.com\/de\/wp-json\/wp\/v2\/media?parent=111"}],"curies":[{"name":"wp","href":"https:\/\/api.w.org\/{rel}","templated":true}]}}