{"id":111,"date":"2024-09-25T10:17:58","date_gmt":"2024-09-25T10:17:58","guid":{"rendered":"https:\/\/ulenspiegel-sourbrodt.com\/?page_id=111"},"modified":"2025-05-26T07:35:23","modified_gmt":"2025-05-26T07:35:23","slug":"history-sourbrodt","status":"publish","type":"page","link":"https:\/\/ulenspiegel-sourbrodt.com\/fr\/history-sourbrodt\/","title":{"rendered":"Historique Sourbrodt"},"content":{"rendered":"\n<p>Sourbrodt est un petit village de la commune de Waimes, situ\u00e9e dans la province belge de Li\u00e8ge. Le village a une histoire riche et est surtout connu pour sa situation sur la Vennbahn, une ancienne ligne de chemin de fer qui sert aujourd&#8217;hui de piste cyclable et de sentier de randonn\u00e9e.<\/p>\n\n\n<div class=\"wp-block-image\">\n<figure class=\"alignright size-full is-resized\"><a href=\"https:\/\/ulenspiegel-sourbrodt.com\/wp-content\/uploads\/2024\/10\/Kaartje.jpg\" target=\"_blank\" rel=\"noreferrer noopener\"><img loading=\"lazy\" decoding=\"async\" width=\"1261\" height=\"882\" src=\"https:\/\/ulenspiegel-sourbrodt.com\/wp-content\/uploads\/2024\/10\/Kaartje.jpg\" alt=\"\" class=\"wp-image-423\" style=\"width:314px;height:auto\" srcset=\"https:\/\/ulenspiegel-sourbrodt.com\/wp-content\/uploads\/2024\/10\/Kaartje.jpg 1261w, https:\/\/ulenspiegel-sourbrodt.com\/wp-content\/uploads\/2024\/10\/Kaartje-600x420.jpg 600w, https:\/\/ulenspiegel-sourbrodt.com\/wp-content\/uploads\/2024\/10\/Kaartje-768x537.jpg 768w\" sizes=\"auto, (max-width: 1261px) 100vw, 1261px\" \/><\/a><\/figure>\n<\/div>\n\n\n<p><strong>Fondation<\/strong> : Vers 1534, Johan Sourbroidt (ou Sourbroit) fonde une auberge \u00e0 la lisi\u00e8re de la for\u00eat d&#8217;Averscheider, le long de l&#8217;importante route commerciale entre le Limbourg et le Luxembourg, la Via Mansuerisca, sur le territoire du Duch\u00e9 de Luxembourg, mais exploit\u00e9e par les seigneurs de Robertville (qui d\u00e9pendaient de la principaut\u00e9 de Stavelot-Malmedy). Cette auberge devint rapidement populaire et fut \u00e0 la base du d\u00e9veloppement du village.<\/p>\n\n\n\n<p>Une haie dense et un mur de terre ont \u00e9t\u00e9 construits autour de l&#8217;auberge, faisant de l&#8217;endroit une propri\u00e9t\u00e9 priv\u00e9e. Cela a conduit \u00e0 des conflits avec les habitants de Robertville, qui utilisaient auparavant la zone comme p\u00e2turage. C&#8217;est ainsi qu&#8217;est n\u00e9 un village qui a \u00e9t\u00e9 en conflit avec son voisin pendant 222 ans !<\/p>\n\n\n\n<p><strong>Municipalisation<\/strong> : Avec la croissance de la population autour de l&#8217;auberge et l&#8217;installation d&#8217;autres r\u00e9sidents, Sourbrodt a \u00e9t\u00e9 officiellement reconnue comme une municipalit\u00e9 ind\u00e9pendante en 1566. Ce fut une \u00e9tape importante dans le d\u00e9veloppement du village, qui ne d\u00e9pendait plus seulement de l&#8217;auberge, mais commen\u00e7ait \u00e0 d\u00e9velopper sa propre identit\u00e9 et sa propre gouvernance. Le nom \u00ab Sourbrot \u00bb appara\u00eet sur les panneaux de signalisation le long de la route commerciale, confirmant ainsi la reconnaissance du village.<\/p>\n\n\n\n<p>En 1756, Marie-Th\u00e9r\u00e8se (d&#8217;Autriche) d\u00e9limite leurs territoires respectifs : Sourbrodt peut continuer \u00e0 extraire de la tourbe dans le territoire !<\/p>\n\n\n<div class=\"wp-block-image\">\n<figure class=\"alignright size-large is-resized\"><a href=\"https:\/\/ulenspiegel-sourbrodt.com\/wp-content\/uploads\/2024\/10\/vlondersourbrodt.webp\" target=\"_blank\" rel=\"noreferrer noopener\"><img loading=\"lazy\" decoding=\"async\" width=\"1500\" height=\"2000\" src=\"https:\/\/ulenspiegel-sourbrodt.com\/wp-content\/uploads\/2024\/10\/vlondersourbrodt-1500x2000.webp\" alt=\"\" class=\"wp-image-435\" style=\"width:199px;height:auto\" srcset=\"https:\/\/ulenspiegel-sourbrodt.com\/wp-content\/uploads\/2024\/10\/vlondersourbrodt-1500x2000.webp 1500w, https:\/\/ulenspiegel-sourbrodt.com\/wp-content\/uploads\/2024\/10\/vlondersourbrodt-450x600.webp 450w, https:\/\/ulenspiegel-sourbrodt.com\/wp-content\/uploads\/2024\/10\/vlondersourbrodt-768x1024.webp 768w, https:\/\/ulenspiegel-sourbrodt.com\/wp-content\/uploads\/2024\/10\/vlondersourbrodt-1152x1536.webp 1152w, https:\/\/ulenspiegel-sourbrodt.com\/wp-content\/uploads\/2024\/10\/vlondersourbrodt.webp 1536w\" sizes=\"auto, (max-width: 1500px) 100vw, 1500px\" \/><\/a><\/figure>\n<\/div>\n\n\n<p><strong>Changement de r\u00e8gne<\/strong> : Mentionn\u00e9e dans une charte du roi franc Child\u00e9ric II en 670, la Via Mansuerisca, construite sur caillebotis reposant sur la tourbe, a constitu\u00e9 pendant plus de 1000 ans la fronti\u00e8re entre la principaut\u00e9 abbatiale de Stavelot-Malmedy (qui comprenait Waimes et ses hameaux ainsi que Robertville et Ovifat) et le duch\u00e9 de Luxembourg \u00e0 l&#8217;est avec Faymonville et Sourbrodt.<\/p>\n\n\n\n<p>Plus tard, le duch\u00e9 est pass\u00e9 aux mains des Habsbourg, puis des Espagnols et enfin des Autrichiens. La campagne fran\u00e7aise aux Pays-Bas aboutit \u00e0 l&#8217;occupation des Pays-Bas autrichiens et du pays de Li\u00e8ge en 1794.<\/p>\n\n\n\n<p>Apr\u00e8s la chute de Napol\u00e9on en 1815, le Congr\u00e8s de Vienne (1815) d\u00e9cida que l&#8217;ensemble de la r\u00e9gion deviendrait propri\u00e9t\u00e9 prussienne. La R\u00e9volution belge de 1830 n&#8217;apporte aucun changement : comme les communaut\u00e9s germanophones, Waimes (tout comme Malmedy) reste prussienne. Jusqu&#8217;en 1920, Sourbrodt appartenait \u00e0 l&#8217;arrondissement d&#8217;Aix-la-Chapelle, l&#8217;arrondissement de Malmedy se trouvant dans la province du Rhin.<\/p>\n\n\n\n<p><strong>La Vennbahn<\/strong> a \u00e9t\u00e9 construite en 1882 par l&#8217;\u00c9tat prussien pour mieux int\u00e9grer la r\u00e9gion dans le nouvel \u00c9tat allemand unifi\u00e9 et pour transporter le plus rapidement et le plus facilement possible le minerai de fer et le charbon des mines d&#8217;Aix-la-Chapelle vers le Luxembourg. En 1893, l&#8217;administration militaire prussienne pr\u00e9voit la cr\u00e9ation du terrain d&#8217;entra\u00eenement militaire d&#8217;Elsenborn. La \u00ab station Sourbrodt \u00bb devient la station de chargement des unit\u00e9s qui s&#8217;entra\u00eenent sur le site.<\/p>\n\n\n<div class=\"wp-block-image\">\n<figure class=\"alignleft size-full is-resized\"><a href=\"https:\/\/ulenspiegel-sourbrodt.com\/wp-content\/uploads\/2024\/10\/pk13.jpg\" target=\"_blank\" rel=\"noreferrer noopener\"><img loading=\"lazy\" decoding=\"async\" width=\"1623\" height=\"1055\" src=\"https:\/\/ulenspiegel-sourbrodt.com\/wp-content\/uploads\/2024\/10\/pk13.jpg\" alt=\"\" class=\"wp-image-439\" style=\"width:371px;height:auto\" srcset=\"https:\/\/ulenspiegel-sourbrodt.com\/wp-content\/uploads\/2024\/10\/pk13.jpg 1623w, https:\/\/ulenspiegel-sourbrodt.com\/wp-content\/uploads\/2024\/10\/pk13-600x390.jpg 600w, https:\/\/ulenspiegel-sourbrodt.com\/wp-content\/uploads\/2024\/10\/pk13-768x499.jpg 768w, https:\/\/ulenspiegel-sourbrodt.com\/wp-content\/uploads\/2024\/10\/pk13-1536x998.jpg 1536w\" sizes=\"auto, (max-width: 1623px) 100vw, 1623px\" \/><\/a><\/figure>\n<\/div>\n\n\n<p>Lors de l&#8217;ouverture de la ligne Malmedy-Monschau, le hameau de Sourbrodt n&#8217;\u00e9tait qu&#8217;une halte, \u00e0 environ un kilom\u00e8tre des premi\u00e8res maisons. Mais les choses allaient changer. En 1889, quatre ans apr\u00e8s l&#8217;entr\u00e9e du premier train de la Vennbahn \u00e0 Sourbrodt, Sourbrodt s&#8217;est dot\u00e9 d&#8217;une gare. Le b\u00e2timent de la gare allait devenir un v\u00e9ritable joyau pour l&#8217;\u00e9poque.<\/p>\n\n\n<div class=\"wp-block-image\">\n<figure class=\"alignright size-full is-resized\"><a href=\"https:\/\/ulenspiegel-sourbrodt.com\/wp-content\/uploads\/2024\/10\/carte10.jpg\" target=\"_blank\" rel=\"noreferrer noopener\"><img loading=\"lazy\" decoding=\"async\" width=\"1664\" height=\"1063\" src=\"https:\/\/ulenspiegel-sourbrodt.com\/wp-content\/uploads\/2024\/10\/carte10.jpg\" alt=\"\" class=\"wp-image-453\" style=\"width:372px;height:auto\" srcset=\"https:\/\/ulenspiegel-sourbrodt.com\/wp-content\/uploads\/2024\/10\/carte10.jpg 1664w, https:\/\/ulenspiegel-sourbrodt.com\/wp-content\/uploads\/2024\/10\/carte10-600x383.jpg 600w, https:\/\/ulenspiegel-sourbrodt.com\/wp-content\/uploads\/2024\/10\/carte10-768x491.jpg 768w, https:\/\/ulenspiegel-sourbrodt.com\/wp-content\/uploads\/2024\/10\/carte10-1536x981.jpg 1536w\" sizes=\"auto, (max-width: 1664px) 100vw, 1664px\" \/><\/a><\/figure>\n<\/div>\n\n\n<p>Peu \u00e0 peu, de nombreuses entreprises industrielles s&#8217;y sont install\u00e9es. La population de Sourbrodt, autrefois isol\u00e9e, augmenta rapidement. Le nombre de chambres d&#8217;h\u00f4tes augmenta \u00e9galement progressivement (voir l&#8217;histoire de notre h\u00f4tel). Les soldats du camp d&#8217;Elsenborn venaient \u00e0 Sourbrodt \u00e0 bord du &#8220;<em>Feurige Elias<\/em>&#8221; c&#8217;est \u00e0 dire &#8220;Elie le Flamboyant&#8221; pour sortir. Ce train de quartier servait principalement au transport de l&#8217;avoine, de l&#8217;orge et de la paille pour les chevaux, mais il comportait \u00e9galement des voitures de voyageurs. Pendant la grande \u00e9poque, il y avait plus de 20 \u00e9tablissements horeca \u00e0 Sourbrodt.<\/p>\n\n\n\n<p><strong>Guerres mondiales<\/strong> : Pendant la Premi\u00e8re Guerre mondiale, les soldats de la r\u00e9gion ont combattu sous le commandement de l&#8217;empereur allemand Guillaume II (\u00e0 la fois sur le front occidental contre la France et la Belgique et sur le front oriental contre l&#8217;Empire russe). Pendant cette m\u00eame guerre, la Vennbahn a constitu\u00e9 une importante ligne de ravitaillement pour les soldats allemands et le mat\u00e9riel de guerre en direction du front.<\/p>\n\n\n\n<p>En 1919, en vertu du trait\u00e9 de Versailles, la Belgique a re\u00e7u l&#8217;ancien district d&#8217;Eupen &#8211; Malmedy, les cantons dits de l&#8217;Est et la Vennbahn (\u00e9galement en territoire allemand) en compensation des dommages subis pendant la Premi\u00e8re Guerre mondiale. De ce fait, la quasi-totalit\u00e9 des Fagnes est tomb\u00e9e aux mains de la Belgique, dont le point culminant, situ\u00e9 auparavant \u00e0 la Baraque Michel (672 m), a \u00e9t\u00e9 d\u00e9plac\u00e9 de 3 km vers le sud-est, \u00e0 Botrange (694 m).<\/p>\n\n\n\n<p>En cons\u00e9quence, certaines parties de l&#8217;Allemagne, le long de la nouvelle fronti\u00e8re, ont \u00e9t\u00e9 enferm\u00e9es dans le territoire belge. Elles sont devenues des enclaves allemandes (ou des exclaves, selon le point de vue) en Belgique.<\/p>\n\n\n\n<p>En 1940, le 18 mai, avant la capitulation de la Belgique, Hitler annexe les Cantons de l&#8217;Est au Troisi\u00e8me Reich, sans r\u00e9action du gouvernement belge. Le 21 septembre 1941, la nationalit\u00e9 allemande est impos\u00e9e \u00e0 la population, ce qui entra\u00eene l&#8217;enr\u00f4lement des hommes de 18 ans et plus dans la Wehrmacht (8 000 au total, dont la plupart ont \u00e9t\u00e9 envoy\u00e9s sur le front de l&#8217;Est et 3 200 n&#8217;en sont pas revenus).<\/p>\n\n\n<div class=\"wp-block-image\">\n<figure class=\"alignleft size-full is-resized\"><a href=\"https:\/\/ulenspiegel-sourbrodt.com\/wp-content\/uploads\/2024\/10\/rk.jpg\" target=\"_blank\" rel=\"noreferrer noopener\"><img loading=\"lazy\" decoding=\"async\" width=\"500\" height=\"667\" src=\"https:\/\/ulenspiegel-sourbrodt.com\/wp-content\/uploads\/2024\/10\/rk.jpg\" alt=\"\" class=\"wp-image-445\" style=\"width:188px;height:auto\" srcset=\"https:\/\/ulenspiegel-sourbrodt.com\/wp-content\/uploads\/2024\/10\/rk.jpg 500w, https:\/\/ulenspiegel-sourbrodt.com\/wp-content\/uploads\/2024\/10\/rk-450x600.jpg 450w\" sizes=\"auto, (max-width: 500px) 100vw, 500px\" \/><\/a><\/figure>\n<\/div>\n\n\n<p>En 1943, \u00e0 l&#8217;entr\u00e9e de la Fagne, \u00e0 Sourbrodt, un camp a \u00e9t\u00e9 install\u00e9 par la Wehrmacht pour les soldats de l&#8217;Arm\u00e9e rouge qui avaient \u00e9t\u00e9 captur\u00e9s. Ce camp est marqu\u00e9 par la Croix russe \u00e9rig\u00e9e \u00e0 cet endroit.<\/p>\n\n\n\n<p>Apr\u00e8s la Seconde Guerre mondiale, le statut des cantons de l&#8217;Est, qui avaient \u00e9t\u00e9 annex\u00e9s par l&#8217;Allemagne nazie pendant la guerre, a fait l&#8217;objet d&#8217;un d\u00e9bat important. Ces r\u00e9gions, qui comprennent Eupen, Malmedy et Sankt-Vith, avaient \u00e9t\u00e9 initialement attribu\u00e9es \u00e0 la Belgique en 1920 apr\u00e8s la Premi\u00e8re Guerre mondiale. L&#8217;annexion par l&#8217;Allemagne en 1940 n&#8217;a pas \u00e9t\u00e9 reconnue par la Belgique et a \u00e9t\u00e9 consid\u00e9r\u00e9e comme ill\u00e9gale.<\/p>\n\n\n\n<p>Apr\u00e8s la guerre, le gouvernement belge a soutenu que l&#8217;annexion n&#8217;avait pas de base l\u00e9gale car elle n&#8217;avait jamais \u00e9t\u00e9 approuv\u00e9e par le parlement belge. Cela signifie que les habitants des Cantons de l&#8217;Est sont rest\u00e9s l\u00e9galement belges, malgr\u00e9 la citoyennet\u00e9 allemande qui leur a \u00e9t\u00e9 accord\u00e9e le 23 septembre 1941. Cela a permis aux autorit\u00e9s belges d&#8217;engager des poursuites judiciaires contre les collaborateurs de cette r\u00e9gion, ce qui a entra\u00een\u00e9 une augmentation significative du nombre de proc\u00e8s et de condamnations. En 1945, les habitants des Cantons de l&#8217;Est sont g\u00e9n\u00e9ralement poursuivis pour incivisme par l&#8217;Etat belge, qui ne fait pas de distinction entre territoires occup\u00e9s et annex\u00e9s (plus de 15.000 dossiers sont ouverts). La plupart des proc\u00e8s aboutissent \u00e0 un non-lieu.<\/p>\n\n\n<div class=\"wp-block-image\">\n<figure class=\"alignleft size-full is-resized\"><a href=\"https:\/\/ulenspiegel-sourbrodt.com\/wp-content\/uploads\/2024\/10\/enclaves.jpg\" target=\"_blank\" rel=\"noreferrer noopener\"><img loading=\"lazy\" decoding=\"async\" width=\"1280\" height=\"683\" src=\"https:\/\/ulenspiegel-sourbrodt.com\/wp-content\/uploads\/2024\/10\/enclaves.jpg\" alt=\"\" class=\"wp-image-455\" style=\"width:266px;height:auto\" srcset=\"https:\/\/ulenspiegel-sourbrodt.com\/wp-content\/uploads\/2024\/10\/enclaves.jpg 1280w, https:\/\/ulenspiegel-sourbrodt.com\/wp-content\/uploads\/2024\/10\/enclaves-600x320.jpg 600w, https:\/\/ulenspiegel-sourbrodt.com\/wp-content\/uploads\/2024\/10\/enclaves-768x410.jpg 768w\" sizes=\"auto, (max-width: 1280px) 100vw, 1280px\" \/><\/a><\/figure>\n<\/div>\n\n\n<p><\/p>\n\n\n\n<p>Officiellement, cinq zones du territoire allemand sont encore coup\u00e9es du reste de l&#8217;Allemagne par la voie ferr\u00e9e belge.<\/p>\n\n\n\n<p><\/p>\n\n\n\n<p><small>\u00c0 gauche: la ligne rouge indique le tron\u00e7on belge du Vehnbann en Allemagne. \u00c0 droite: les portions de territoire allemand form\u00e9es par les enclaves du Vennbahn en Belgique.<\/small><\/p>\n\n\n\n<p><\/p>\n","protected":false},"excerpt":{"rendered":"<p>Sourbrodt est un petit village de la commune de Waimes, situ\u00e9e dans la province belge de Li\u00e8ge. Le village a une histoire riche et est surtout connu pour sa situation sur la Vennbahn, une ancienne ligne de chemin de fer qui sert aujourd&#8217;hui de piste cyclable et de sentier de<a class=\"read-more\" href=\"https:\/\/ulenspiegel-sourbrodt.com\/fr\/history-sourbrodt\/\"> ( more&#8230; )<\/a><\/p>\n","protected":false},"author":1,"featured_media":0,"parent":0,"menu_order":0,"comment_status":"closed","ping_status":"closed","template":"","meta":{"_uag_custom_page_level_css":"","advgb_blocks_editor_width":"","advgb_blocks_columns_visual_guide":"","footnotes":""},"class_list":["post-111","page","type-page","status-publish","hentry"],"translation":{"provider":"WPGlobus","version":"3.0.2","language":"fr","enabled_languages":["nl","fr","de"],"languages":{"nl":{"title":true,"content":true,"excerpt":false},"fr":{"title":true,"content":true,"excerpt":false},"de":{"title":true,"content":true,"excerpt":false}}},"uagb_featured_image_src":{"full":false,"thumbnail":false,"medium":false,"medium_large":false,"large":false,"1536x1536":false,"2048x2048":false,"backdrop-small-thumbnails":false,"backdrop-medium-thumbnails":false,"backdrop-large-thumbnails":false},"uagb_author_info":{"display_name":"pieter93","author_link":"https:\/\/ulenspiegel-sourbrodt.com\/fr\/author\/pieter93\/"},"uagb_comment_info":0,"uagb_excerpt":"Sourbrodt est un petit village de la commune de Waimes, situ\u00e9e dans la province belge de Li\u00e8ge. Le village a une histoire riche et est surtout connu pour sa situation sur la Vennbahn, une ancienne ligne de chemin de fer qui sert aujourd&#8217;hui de piste cyclable et de sentier de ( more... )","coauthors":[],"author_meta":{"author_link":"https:\/\/ulenspiegel-sourbrodt.com\/fr\/author\/pieter93\/","display_name":"pieter93"},"relative_dates":{"created":"Publi\u00e9 2 years il y a","modified":"Mis \u00e0 jour 11 months il y a"},"absolute_dates":{"created":"Publi\u00e9 le 25 September 2024","modified":"Mise \u00e0 jour le 26 May 2025"},"absolute_dates_time":{"created":"Publi\u00e9 le 25 September 2024 10:17","modified":"Mise \u00e0 jour le 26 May 2025 07:35"},"featured_img_caption":"","featured_img":false,"series_order":"","_links":{"self":[{"href":"https:\/\/ulenspiegel-sourbrodt.com\/fr\/wp-json\/wp\/v2\/pages\/111","targetHints":{"allow":["GET"]}}],"collection":[{"href":"https:\/\/ulenspiegel-sourbrodt.com\/fr\/wp-json\/wp\/v2\/pages"}],"about":[{"href":"https:\/\/ulenspiegel-sourbrodt.com\/fr\/wp-json\/wp\/v2\/types\/page"}],"author":[{"embeddable":true,"href":"https:\/\/ulenspiegel-sourbrodt.com\/fr\/wp-json\/wp\/v2\/users\/1"}],"replies":[{"embeddable":true,"href":"https:\/\/ulenspiegel-sourbrodt.com\/fr\/wp-json\/wp\/v2\/comments?post=111"}],"version-history":[{"count":57,"href":"https:\/\/ulenspiegel-sourbrodt.com\/fr\/wp-json\/wp\/v2\/pages\/111\/revisions"}],"predecessor-version":[{"id":1401,"href":"https:\/\/ulenspiegel-sourbrodt.com\/fr\/wp-json\/wp\/v2\/pages\/111\/revisions\/1401"}],"wp:attachment":[{"href":"https:\/\/ulenspiegel-sourbrodt.com\/fr\/wp-json\/wp\/v2\/media?parent=111"}],"curies":[{"name":"wp","href":"https:\/\/api.w.org\/{rel}","templated":true}]}}