{"id":644,"date":"2024-10-27T15:42:10","date_gmt":"2024-10-27T15:42:10","guid":{"rendered":"https:\/\/ulenspiegel-sourbrodt.com\/?page_id=644"},"modified":"2025-05-26T07:38:59","modified_gmt":"2025-05-26T07:38:59","slug":"activities","status":"publish","type":"page","link":"https:\/\/ulenspiegel-sourbrodt.com\/fr\/activities\/","title":{"rendered":"Activit\u00e9s"},"content":{"rendered":"\n<h2 class=\"wp-block-heading\" id=\"hoge-venen-7df15d70-223e-4d0c-8f25-9842dbd43ca5\">Hautes Fagnes<\/h2>\n\n\n\n<figure class=\"wp-block-image size-full is-resized\"><img loading=\"lazy\" decoding=\"async\" width=\"1600\" height=\"1200\" src=\"https:\/\/ulenspiegel-sourbrodt.com\/wp-content\/uploads\/2024\/10\/Venn.jpg\" alt=\"\" class=\"wp-image-676\" style=\"width:247px;height:auto\" srcset=\"https:\/\/ulenspiegel-sourbrodt.com\/wp-content\/uploads\/2024\/10\/Venn.jpg 1600w, https:\/\/ulenspiegel-sourbrodt.com\/wp-content\/uploads\/2024\/10\/Venn-600x450.jpg 600w, https:\/\/ulenspiegel-sourbrodt.com\/wp-content\/uploads\/2024\/10\/Venn-768x576.jpg 768w, https:\/\/ulenspiegel-sourbrodt.com\/wp-content\/uploads\/2024\/10\/Venn-1536x1152.jpg 1536w\" sizes=\"auto, (max-width: 1600px) 100vw, 1600px\" \/><\/figure>\n\n\n\n<p>Le parc naturel des Hautes Fagnes est la plus grande r\u00e9serve naturelle de Belgique avec une superficie de pr\u00e8s de 5 000 ha et se caract\u00e9rise, entre autres, par la pr\u00e9sence de tourbi\u00e8res. Le point culminant de la Belgique se trouve dans les Hautes Fagnes. Les Hautes Fagnes commencent devant notre porte.<\/p>\n\n\n\n<p class=\"has-vivid-cyan-blue-color has-text-color has-link-color wp-elements-0a0d753411f917abdff329f03adeff26\"><a href=\"https:\/\/www.ostbelgien.eu\/fr\/les-hautes-fagnes\/tout-savoir\" target=\"_blank\" rel=\"noreferrer noopener\">Plus d&#8217;info<\/a><\/p>\n\n\n\n<div style=\"height:2px\" aria-hidden=\"true\" class=\"wp-block-spacer\"><\/div>\n\n\n\n<h2 class=\"wp-block-heading\">Vennbahn<\/h2>\n\n\n\n<figure class=\"wp-block-image size-full is-resized\"><img loading=\"lazy\" decoding=\"async\" width=\"1152\" height=\"864\" src=\"https:\/\/ulenspiegel-sourbrodt.com\/wp-content\/uploads\/2024\/10\/vennbahn.jpg\" alt=\"\" class=\"wp-image-677\" style=\"width:241px;height:auto\" srcset=\"https:\/\/ulenspiegel-sourbrodt.com\/wp-content\/uploads\/2024\/10\/vennbahn.jpg 1152w, https:\/\/ulenspiegel-sourbrodt.com\/wp-content\/uploads\/2024\/10\/vennbahn-600x450.jpg 600w, https:\/\/ulenspiegel-sourbrodt.com\/wp-content\/uploads\/2024\/10\/vennbahn-768x576.jpg 768w\" sizes=\"auto, (max-width: 1152px) 100vw, 1152px\" \/><\/figure>\n\n\n\n<p>La piste cyclable Vennbahn vous emm\u00e8ne \u00e0 la d\u00e9couverte de magnifiques paysages vallonn\u00e9s. Pourtant, une grande partie du parcours est moins vallonn\u00e9e qu&#8217;on ne pourrait le croire (2 % maximum). C&#8217;est l&#8217;un des avantages du RAVeL des anciennes lignes de chemin de fer 48 et 47. De temps en temps, vous rencontrerez un viaduc et un tunnel. La Vennbahn est l&#8217;une des plus longues et des plus belles v\u00e9loroutes vertes d&#8217;Europe. Vous p\u00e9dalez le long d&#8217;anciennes lignes de chemin de fer et traversez trois pays : Allemagne, Belgique et Luxembourg. <strong>La Vennbahn se trouve \u00e0 peine \u00e0 20 m de notre h\u00f4tel, qui dispose d&#8217;une grande terrasse int\u00e9rieure.<\/strong><\/p>\n\n\n\n<p class=\"has-vivid-cyan-blue-color has-text-color has-link-color wp-elements-d36cf0c6d8f4990fb97d059d2ef0ce1a\"><a href=\"https:\/\/www.vennbahn.eu\/\" target=\"_blank\" rel=\"noreferrer noopener\">Pus d&#8217;info<\/a><\/p>\n\n\n\n<h2 class=\"wp-block-heading\">Randonn\u00e9es<\/h2>\n\n\n\n<div class=\"wp-block-uagb-container uagb-block-96f83b5a alignfull uagb-is-root-container\"><div class=\"uagb-container-inner-blocks-wrap\">\n<div class=\"wp-block-uagb-container uagb-block-58c2eb16\">\n<figure class=\"wp-block-image size-large\"><img loading=\"lazy\" decoding=\"async\" width=\"2000\" height=\"1333\" src=\"https:\/\/ulenspiegel-sourbrodt.com\/wp-content\/uploads\/2024\/10\/aviateur3-2000x1333.jpg\" alt=\"\" class=\"wp-image-683\" srcset=\"https:\/\/ulenspiegel-sourbrodt.com\/wp-content\/uploads\/2024\/10\/aviateur3-2000x1333.jpg 2000w, https:\/\/ulenspiegel-sourbrodt.com\/wp-content\/uploads\/2024\/10\/aviateur3-600x400.jpg 600w, https:\/\/ulenspiegel-sourbrodt.com\/wp-content\/uploads\/2024\/10\/aviateur3-768x512.jpg 768w, https:\/\/ulenspiegel-sourbrodt.com\/wp-content\/uploads\/2024\/10\/aviateur3-1536x1024.jpg 1536w, https:\/\/ulenspiegel-sourbrodt.com\/wp-content\/uploads\/2024\/10\/aviateur3.jpg 2048w\" sizes=\"auto, (max-width: 2000px) 100vw, 2000px\" \/><\/figure>\n<\/div>\n\n\n\n<div class=\"wp-block-uagb-container uagb-block-7c79a0ec\">\n<figure class=\"wp-block-image size-full is-resized\"><img loading=\"lazy\" decoding=\"async\" width=\"500\" height=\"667\" src=\"https:\/\/ulenspiegel-sourbrodt.com\/wp-content\/uploads\/2024\/10\/rk-1.jpg\" alt=\"\" class=\"wp-image-682\" style=\"width:191px;height:auto\" srcset=\"https:\/\/ulenspiegel-sourbrodt.com\/wp-content\/uploads\/2024\/10\/rk-1.jpg 500w, https:\/\/ulenspiegel-sourbrodt.com\/wp-content\/uploads\/2024\/10\/rk-1-450x600.jpg 450w\" sizes=\"auto, (max-width: 500px) 100vw, 500px\" \/><\/figure>\n<\/div>\n<\/div><\/div>\n\n\n\n<p>D\u00e9couvrez la nature \u00e9poustouflante de Sourbrodt. Explorez la belle campagne et profitez du calme et de la tranquillit\u00e9 qui vous entourent. Laissez-vous surprendre par les joyaux cach\u00e9s que ces itin\u00e9raires ont \u00e0 offrir. Id\u00e9al pour une journ\u00e9e de d\u00e9tente dans la nature ! L&#8217;un des sentiers de randonn\u00e9e commence au pas de la porte : \u00ab Les marais de Sourbrodt \u00bb (8,1 km) et passe par la \u00ab Croix des Russes \u00bb en souvenir du camp de prisonniers russes de la Seconde Guerre mondiale, et le \u00ab Monument aux Aviateurs de Bosfagne \u00bb sur le site o\u00f9 le bombardier britannique \u00ab Halifax \u00bb a \u00e9t\u00e9 abattu le 4 juillet 1943.<\/p>\n\n\n\n<p class=\"has-vivid-cyan-blue-color has-text-color has-link-color wp-elements-95072ca6aa30450e2fb90d7fceaa452b\"><a href=\"https:\/\/www.nodemapp.com\/fr\/randonnee\/itineraires\/r1448\/balade-de-reve-sourbrodt--la-fagne-de-sourbrodt\" target=\"_blank\" rel=\"noreferrer noopener\">Plus d&#8217;info<\/a><\/p>\n\n\n\n<h2 class=\"wp-block-heading\">Signal de Botrange<\/h2>\n\n\n\n<figure class=\"wp-block-image size-full is-resized\"><img loading=\"lazy\" decoding=\"async\" width=\"1280\" height=\"960\" src=\"https:\/\/ulenspiegel-sourbrodt.com\/wp-content\/uploads\/2024\/10\/Waimes_-_la_Butte_Baltia_-_monument_2016.jpg\" alt=\"\" class=\"wp-image-656\" style=\"width:225px;height:auto\" srcset=\"https:\/\/ulenspiegel-sourbrodt.com\/wp-content\/uploads\/2024\/10\/Waimes_-_la_Butte_Baltia_-_monument_2016.jpg 1280w, https:\/\/ulenspiegel-sourbrodt.com\/wp-content\/uploads\/2024\/10\/Waimes_-_la_Butte_Baltia_-_monument_2016-600x450.jpg 600w, https:\/\/ulenspiegel-sourbrodt.com\/wp-content\/uploads\/2024\/10\/Waimes_-_la_Butte_Baltia_-_monument_2016-768x576.jpg 768w\" sizes=\"auto, (max-width: 1280px) 100vw, 1280px\" \/><\/figure>\n\n\n\n<p>Le Signal de Botrange, dans les Hautes Fagnes, se trouve \u00e0 694 m\u00e8tres au-dessus du niveau de la mer. Pour permettre ce travail d&#8217;arpentage, le gouverneur militaire Herman Baltia a construit en 1923 un ouvrage de 6 m\u00e8tres de haut sur le point culminant, un signal comme on l&#8217;appelle en g\u00e9ographie, auquel on acc\u00e8de par un escalier. C&#8217;est ainsi que la Belgique a atteint l&#8217;altitude magique de 700 m\u00e8tres.<\/p>\n\n\n\n<p class=\"has-vivid-cyan-blue-color has-text-color has-link-color wp-elements-d9be49b0b807eda2e02c0dd0e84e6a36\"><a href=\"https:\/\/www.waimeshautesfagnes.be\/fr\/decouvrir\/incontournables\/le-signal-de-botrange.htm\" target=\"_blank\" rel=\"noreferrer noopener\">Plus d&#8217;info<\/a><\/p>\n\n\n\n<h2 class=\"wp-block-heading\">Maison du Parc &#8211; Botrange<\/h2>\n\n\n\n<figure class=\"wp-block-image size-full is-resized\"><img loading=\"lazy\" decoding=\"async\" width=\"680\" height=\"510\" src=\"https:\/\/ulenspiegel-sourbrodt.com\/wp-content\/uploads\/2024\/10\/NP-1.jpg\" alt=\"\" class=\"wp-image-689\" style=\"width:259px;height:auto\" srcset=\"https:\/\/ulenspiegel-sourbrodt.com\/wp-content\/uploads\/2024\/10\/NP-1.jpg 680w, https:\/\/ulenspiegel-sourbrodt.com\/wp-content\/uploads\/2024\/10\/NP-1-600x450.jpg 600w\" sizes=\"auto, (max-width: 680px) 100vw, 680px\" \/><\/figure>\n\n\n\n<p>La Maison du Parc &#8211; Botrange est situ\u00e9e au c\u0153ur des Hautes Fagnes. Dans cette maison de la nature, vous apprendrez tout sur les Hautes Fagnes, sa faune et sa flore et bien plus encore ! A l&#8217;accueil de la Maison du Parc, vous pourrez obtenir des conseils de randonn\u00e9e et des cartes de promenades balis\u00e9es pour l&#8217;ensemble du territoire du parc naturel sont \u00e9galement disponibles.<\/p>\n\n\n\n<p class=\"has-vivid-cyan-blue-color has-text-color has-link-color wp-elements-9107674e3e0be70a05f326d6580cf462\"><a href=\"https:\/\/www.ostbelgien.eu\/fr\/fiche\/naturalreserves\/maison-du-parc\" target=\"_blank\" rel=\"noreferrer noopener\">Plus d&#8217;info<\/a><\/p>\n\n\n\n<h2 class=\"wp-block-heading\">Ski de fond et ski alpin<\/h2>\n\n\n\n<figure class=\"wp-block-image size-full is-resized\"><img loading=\"lazy\" decoding=\"async\" width=\"310\" height=\"233\" src=\"https:\/\/ulenspiegel-sourbrodt.com\/wp-content\/uploads\/2024\/10\/ll2.webp\" alt=\"\" class=\"wp-image-692\" style=\"width:264px;height:auto\"\/><\/figure>\n\n\n\n<p>IDans les Hautes Fagnes, vous pouvez \u00e9galement pratiquer des sports d&#8217;hiver. \u00c0 quelques kilom\u00e8tres de notre h\u00f4tel, vous trouverez une piste de ski de fond \u00e0 Sourbrodt et une piste de ski alpin \u00e0 Ovifat. En outre, vous trouverez plusieurs centres de ski dans les Hautes Fagnes. En direction d&#8217;Elsenborn, vous trouverez le centre d&#8217;entra\u00eenement de ski de fond et de biathlon de Herzeb\u00f6sch, o\u00f9 l&#8217;on peut s&#8217;entra\u00eener au ski \u00e0 roulettes.<\/p>\n\n\n\n<p class=\"has-vivid-cyan-blue-color has-text-color has-link-color wp-elements-c490f839c0dc18bbbfe5100ea9857ae7\"><a href=\"https:\/\/fr.wikiloc.com\/itineraires-ski-de-fond\/sourbrodt-demi-renard-63433457\" target=\"_blank\" rel=\"noreferrer noopener\">Plus d&#8217;info<\/a><\/p>\n\n\n\n<p class=\"has-vivid-cyan-blue-color has-text-color has-link-color wp-elements-4158a27c690746e495d92dd32f1fb46c\"><a href=\"https:\/\/www.ostbelgien.eu\/fr\/fiche\/wintersports\/club-de-ski-alpin-d-ovifat\" target=\"_blank\" rel=\"noreferrer noopener\">Plus d&#8217;info<\/a><\/p>\n\n\n\n<h2 class=\"wp-block-heading\">Ch\u00e2teau de Reinhardstein<\/h2>\n\n\n\n<figure class=\"wp-block-image size-full is-resized\"><img loading=\"lazy\" decoding=\"async\" width=\"800\" height=\"600\" src=\"https:\/\/ulenspiegel-sourbrodt.com\/wp-content\/uploads\/2024\/10\/rh.gif\" alt=\"\" class=\"wp-image-695\" style=\"width:257px;height:auto\"\/><\/figure>\n\n\n\n<p>Le ch\u00e2teau revit ! L&#8217;asbl Reinhardstein s&#8217;efforce, ann\u00e9e apr\u00e8s ann\u00e9e, de proposer de nombreux \u00e9v\u00e9nements. Les festivit\u00e9s m\u00e9di\u00e9vales annuelles sont agr\u00e9ment\u00e9es de week-ends \u00e0 th\u00e8me (concerts de musique, spectacles, d\u00e9gustations, promenades nocturnes, etc\u2026) pour satisfaire les besoins de tous, petits et grands.<\/p>\n\n\n\n<p class=\"has-vivid-cyan-blue-color has-text-color has-link-color wp-elements-6485281a5f212471773f8053f8f7a009\"><a href=\"https:\/\/www.reinhardstein.net\/fr\/le-chateau\" target=\"_blank\" rel=\"noreferrer noopener\">Plus d&#8217;info<\/a><\/p>\n\n\n\n<div style=\"height:5px\" aria-hidden=\"true\" class=\"wp-block-spacer\"><\/div>\n\n\n\n<h2 class=\"wp-block-heading\">Circuit de Spa-Francorchamps<\/h2>\n\n\n\n<figure class=\"wp-block-image size-full is-resized\"><img loading=\"lazy\" decoding=\"async\" width=\"1920\" height=\"1079\" src=\"https:\/\/ulenspiegel-sourbrodt.com\/wp-content\/uploads\/2024\/12\/spa.jpg\" alt=\"\" class=\"wp-image-797\" style=\"width:252px;height:auto\" srcset=\"https:\/\/ulenspiegel-sourbrodt.com\/wp-content\/uploads\/2024\/12\/spa.jpg 1920w, https:\/\/ulenspiegel-sourbrodt.com\/wp-content\/uploads\/2024\/12\/spa-600x337.jpg 600w, https:\/\/ulenspiegel-sourbrodt.com\/wp-content\/uploads\/2024\/12\/spa-768x432.jpg 768w, https:\/\/ulenspiegel-sourbrodt.com\/wp-content\/uploads\/2024\/12\/spa-1536x863.jpg 1536w\" sizes=\"auto, (max-width: 1920px) 100vw, 1920px\" \/><\/figure>\n\n\n\n<p>La Formule 1 est sans conteste l&#8217;un des \u00e9v\u00e9nements sportifs les plus importants et les plus populaires de Belgique. Des moteurs puissants, des \u00e9motions fortes, un circuit riche en histoires et en l\u00e9gendes, le tout dans la nature sauvage et impressionnante de la vall\u00e9e de l&#8217;Eau Rouge\u2026 Cela ne vous laissera pas indiff\u00e9rent !<\/p>\n\n\n\n<p>Le Mus\u00e9e du Circuit de l&#8217;Abbaye de Stavelot pr\u00e9sente non seulement le pass\u00e9, mais aussi le pr\u00e9sent : voitures et motos prestigieuses, nombreux documents et photos.<\/p>\n\n\n\n<p class=\"has-vivid-cyan-blue-color has-text-color has-link-color wp-elements-32368d8762d91d246cb93d1494974748\"><a href=\"https:\/\/www.spa-francorchamps.be\/fr\/\" target=\"_blank\" rel=\"noreferrer noopener\">Plus d&#8217;info<\/a><\/p>\n\n\n\n<h2 class=\"wp-block-heading\">Lacs et barrages<\/h2>\n\n\n\n<figure class=\"wp-block-image size-full is-resized\"><img loading=\"lazy\" decoding=\"async\" width=\"1000\" height=\"667\" src=\"https:\/\/ulenspiegel-sourbrodt.com\/wp-content\/uploads\/2024\/11\/robert.jpg\" alt=\"\" class=\"wp-image-706\" style=\"width:254px;height:auto\" srcset=\"https:\/\/ulenspiegel-sourbrodt.com\/wp-content\/uploads\/2024\/11\/robert.jpg 1000w, https:\/\/ulenspiegel-sourbrodt.com\/wp-content\/uploads\/2024\/11\/robert-600x400.jpg 600w, https:\/\/ulenspiegel-sourbrodt.com\/wp-content\/uploads\/2024\/11\/robert-768x512.jpg 768w\" sizes=\"auto, (max-width: 1000px) 100vw, 1000px\" \/><\/figure>\n\n\n\n<p>Les lacs de la r\u00e9gion sont un excellent lieu de repos, de d\u00e9tente et de sport : Robertville-les-Bains, Butgenbach ou Gileppe. Selon les endroits, vous trouverez des plages de sable, des baignades, des trampolines aquatiques, des bateaux \u00e9lectriques, des p\u00e9dalos, des bateaux \u00e0 rames, des kayaks, des paddles, des barbecues sur un bateau au milieu du lac (Bateau Grill Island), du beach-volley, du water-volley, un parc d&#8217;accrobranche, entre autres.<\/p>\n\n\n\n<p class=\"has-vivid-cyan-blue-color has-text-color has-link-color wp-elements-18f288bab35284063d6057e66d82cf4d\"><a href=\"https:\/\/www.waimeshautesfagnes.be\/fr\/decouvrir\/incontournables\/lac-de-robertville.htm\" target=\"_blank\" rel=\"noreferrer noopener\">Plus d&#8217;info<\/a><\/p>\n\n\n\n<p class=\"has-vivid-cyan-blue-color has-text-color has-link-color wp-elements-6702ab64f527e6acd42843b889c26d58\"><a href=\"https:\/\/www.ostbelgien.eu\/fr\/fiche\/bathingplaces\/lac-butgenbach\" target=\"_blank\" rel=\"noreferrer noopener\">Plus d&#8217;info<\/a><\/p>\n\n\n\n<p class=\"has-vivid-cyan-blue-color has-text-color has-link-color wp-elements-c1379ae111d66acb74fe2dadb4321493\"><a href=\"https:\/\/visitwallonia.be\/fr-be\/content\/barrage-du-lac-de-la-gileppe?cookie_lang=fr-be\" target=\"_blank\" rel=\"noreferrer noopener\">Plus d&#8217;info<\/a><\/p>\n\n\n\n<h2 class=\"wp-block-heading\">Monschau<\/h2>\n\n\n\n<figure class=\"wp-block-image size-full is-resized\"><img loading=\"lazy\" decoding=\"async\" width=\"540\" height=\"312\" src=\"https:\/\/ulenspiegel-sourbrodt.com\/wp-content\/uploads\/2024\/11\/monschau.jpg\" alt=\"\" class=\"wp-image-708\" style=\"width:262px;height:auto\"\/><\/figure>\n\n\n\n<p>Monschau est l&#8217;une des plus belles villes de la r\u00e9gion allemande de l&#8217;Eifel. Les charmantes rues de Monschau, pleines de maisons historiques \u00e0 colombages, sont d&#8217;une beaut\u00e9 in\u00e9gal\u00e9e. Monschau est situ\u00e9e dans la vall\u00e9e \u00e9troite et profonde de la Rur, \u00e0 quelques kilom\u00e8tres seulement de la fronti\u00e8re belge.<\/p>\n\n\n\n<p class=\"has-vivid-cyan-blue-color has-text-color has-link-color wp-elements-ac270ed76b0d4ae972e446d30caa82e9\"><a href=\"https:\/\/www.eifel.info\/fr\/a-historische-altstadt-monschau\" target=\"_blank\" rel=\"noreferrer noopener\">Plus d&#8217;info<\/a><\/p>\n\n\n\n<h2 class=\"wp-block-heading\">Railbike<\/h2>\n\n\n\n<figure class=\"wp-block-image size-full is-resized\"><img loading=\"lazy\" decoding=\"async\" width=\"666\" height=\"500\" src=\"https:\/\/ulenspiegel-sourbrodt.com\/wp-content\/uploads\/2024\/11\/railbike.webp\" alt=\"\" class=\"wp-image-710\" style=\"width:247px;height:auto\" srcset=\"https:\/\/ulenspiegel-sourbrodt.com\/wp-content\/uploads\/2024\/11\/railbike.webp 666w, https:\/\/ulenspiegel-sourbrodt.com\/wp-content\/uploads\/2024\/11\/railbike-600x450.webp 600w\" sizes=\"auto, (max-width: 666px) 100vw, 666px\" \/><\/figure>\n\n\n\n<p>Le Railbike se trouve \u00e0 100 m\u00e8tres \u00e0 peine de notre h\u00f4tel. Vous partez de Leykaul et roulez le long d&#8217;une ancienne voie ferr\u00e9e de 7 kilom\u00e8tres appel\u00e9e \u00ab Vennbahn \u00bb. Sur le chemin de Sourbrodt, les plus beaux paysages d\u00e9filent. Un aller-retour amusant et sportif sur les p\u00e9dales !<\/p>\n\n\n\n<p class=\"has-vivid-cyan-blue-color has-text-color has-link-color wp-elements-5f3599ad5a3294f81cbc1daf173a57a9\"><a href=\"https:\/\/www.railbike.be\/fr\/railbike-hautes-fagnes.html\" target=\"_blank\" rel=\"noreferrer noopener\">Plus d&#8217;info<\/a><\/p>\n\n\n\n<div style=\"height:5px\" aria-hidden=\"true\" class=\"wp-block-spacer\"><\/div>\n\n\n\n<h2 class=\"wp-block-heading\">Mine d&#8217;ardoise \u00e0 Recht<\/h2>\n\n\n\n<figure class=\"wp-block-image size-full is-resized\"><img loading=\"lazy\" decoding=\"async\" width=\"750\" height=\"496\" src=\"https:\/\/ulenspiegel-sourbrodt.com\/wp-content\/uploads\/2024\/11\/recht.webp\" alt=\"\" class=\"wp-image-713\" style=\"width:265px;height:auto\" srcset=\"https:\/\/ulenspiegel-sourbrodt.com\/wp-content\/uploads\/2024\/11\/recht.webp 750w, https:\/\/ulenspiegel-sourbrodt.com\/wp-content\/uploads\/2024\/11\/recht-600x397.webp 600w\" sizes=\"auto, (max-width: 750px) 100vw, 750px\" \/><\/figure>\n\n\n\n<p>Quelle est l&#8217;origine de l&#8217;ardoise de Recht ? O\u00f9 \u00e9tait-elle utilis\u00e9e ? Quelle est l&#8217;origine de la pierre \u00e0 aiguiser ? Quel r\u00f4le jouaient les tailleurs de pierre du Tyrol? Pourquoi les recherches des fr\u00e8res Margraff sur les toits en ardoises, n&#8217;ont-elles pas \u00e9t\u00e9 couronn\u00e9es de succ\u00e8s? Ou quel est le lien entre \u00abrequins\u00bb &amp; \u00abgrenouilles\u00bb et la pierre bleue de Recht ?<\/p>\n\n\n\n<p class=\"has-vivid-cyan-blue-color has-text-color has-link-color wp-elements-47568847cf313b36a0841e3ba83576f5\"><a href=\"https:\/\/www.schieferstollen-recht.be\/fr\/der-stollen\/\" target=\"_blank\" rel=\"noreferrer noopener\">Plus d&#8217;info<\/a><\/p>\n\n\n\n<p><\/p>\n\n\n\n<p><\/p>\n","protected":false},"excerpt":{"rendered":"<p>Hautes Fagnes Le parc naturel des Hautes Fagnes est la plus grande r\u00e9serve naturelle de Belgique avec une superficie de pr\u00e8s de 5 000 ha et se caract\u00e9rise, entre autres, par la pr\u00e9sence de tourbi\u00e8res. Le point culminant de la Belgique se trouve dans les Hautes Fagnes. Les Hautes Fagnes<a class=\"read-more\" href=\"https:\/\/ulenspiegel-sourbrodt.com\/fr\/activities\/\"> ( more&#8230; )<\/a><\/p>\n","protected":false},"author":1,"featured_media":0,"parent":0,"menu_order":0,"comment_status":"closed","ping_status":"closed","template":"","meta":{"_uag_custom_page_level_css":"","advgb_blocks_editor_width":"","advgb_blocks_columns_visual_guide":"","footnotes":""},"class_list":["post-644","page","type-page","status-publish","hentry"],"translation":{"provider":"WPGlobus","version":"3.0.2","language":"fr","enabled_languages":["nl","fr","de"],"languages":{"nl":{"title":true,"content":true,"excerpt":false},"fr":{"title":true,"content":true,"excerpt":false},"de":{"title":true,"content":true,"excerpt":false}}},"uagb_featured_image_src":{"full":false,"thumbnail":false,"medium":false,"medium_large":false,"large":false,"1536x1536":false,"2048x2048":false,"backdrop-small-thumbnails":false,"backdrop-medium-thumbnails":false,"backdrop-large-thumbnails":false},"uagb_author_info":{"display_name":"pieter93","author_link":"https:\/\/ulenspiegel-sourbrodt.com\/fr\/author\/pieter93\/"},"uagb_comment_info":0,"uagb_excerpt":"Hautes Fagnes Le parc naturel des Hautes Fagnes est la plus grande r\u00e9serve naturelle de Belgique avec une superficie de pr\u00e8s de 5 000 ha et se caract\u00e9rise, entre autres, par la pr\u00e9sence de tourbi\u00e8res. Le point culminant de la Belgique se trouve dans les Hautes Fagnes. Les Hautes Fagnes ( more... )","coauthors":[],"author_meta":{"author_link":"https:\/\/ulenspiegel-sourbrodt.com\/fr\/author\/pieter93\/","display_name":"pieter93"},"relative_dates":{"created":"Publi\u00e9 2 years il y a","modified":"Mis \u00e0 jour 11 months il y a"},"absolute_dates":{"created":"Publi\u00e9 le 27 October 2024","modified":"Mise \u00e0 jour le 26 May 2025"},"absolute_dates_time":{"created":"Publi\u00e9 le 27 October 2024 15:42","modified":"Mise \u00e0 jour le 26 May 2025 07:38"},"featured_img_caption":"","featured_img":false,"series_order":"","_links":{"self":[{"href":"https:\/\/ulenspiegel-sourbrodt.com\/fr\/wp-json\/wp\/v2\/pages\/644","targetHints":{"allow":["GET"]}}],"collection":[{"href":"https:\/\/ulenspiegel-sourbrodt.com\/fr\/wp-json\/wp\/v2\/pages"}],"about":[{"href":"https:\/\/ulenspiegel-sourbrodt.com\/fr\/wp-json\/wp\/v2\/types\/page"}],"author":[{"embeddable":true,"href":"https:\/\/ulenspiegel-sourbrodt.com\/fr\/wp-json\/wp\/v2\/users\/1"}],"replies":[{"embeddable":true,"href":"https:\/\/ulenspiegel-sourbrodt.com\/fr\/wp-json\/wp\/v2\/comments?post=644"}],"version-history":[{"count":111,"href":"https:\/\/ulenspiegel-sourbrodt.com\/fr\/wp-json\/wp\/v2\/pages\/644\/revisions"}],"predecessor-version":[{"id":1748,"href":"https:\/\/ulenspiegel-sourbrodt.com\/fr\/wp-json\/wp\/v2\/pages\/644\/revisions\/1748"}],"wp:attachment":[{"href":"https:\/\/ulenspiegel-sourbrodt.com\/fr\/wp-json\/wp\/v2\/media?parent=644"}],"curies":[{"name":"wp","href":"https:\/\/api.w.org\/{rel}","templated":true}]}}